{"id":374,"date":"2018-04-25T16:45:47","date_gmt":"2018-04-25T14:45:47","guid":{"rendered":"https:\/\/modusarchitectes.be\/?page_id=374"},"modified":"2018-04-25T18:50:53","modified_gmt":"2018-04-25T16:50:53","slug":"pageprivee-houseimmobilier","status":"publish","type":"page","link":"https:\/\/modusarchitectes.be\/index.php\/pageprivee-houseimmobilier\/","title":{"rendered":"Espace priv\u00e9 &#8211; House Immobilier"},"content":{"rendered":"<h2>HOUSE IMMOBILIER<\/h2>\n<p><img loading=\"lazy\" decoding=\"async\" src=\"https:\/\/modusarchitectes.be\/wp-content\/uploads\/2018\/04\/logo_houseimmobilier.png\" sizes=\"100vw\" alt=\"\" width=\"226\" height=\"200\" \/><br \/>\nA vendre<br \/>\nA louer<br \/>\nContacter directement Monsieur Deprez<br \/>\nA vendre<\/p>\n<p>Appartement une chambre \u2013 ref S1<\/p>\n<p><a href=\"https:\/\/modusarchitectes.be\/virtualtour\/CubS1\/Pano_S1.html\" target=\"_blank\" rel=\"noopener\"><img loading=\"lazy\" decoding=\"async\" src=\"https:\/\/modusarchitectes.be\/wp-content\/uploads\/2018\/04\/S1-Chambre-web-300x130.jpg\" alt=\"\" width=\"300\" height=\"130\" \/><\/a><\/p>\n<p>A louer<\/p>\n<p>Appartement une chambre \u2013 ref S1 LQ<\/p>\n<p><a href=\"https:\/\/modusarchitectes.be\/virtualtour\/CubS1LQ\/PanoS1_LQ.html\" target=\"_blank\" rel=\"noopener\"><img loading=\"lazy\" decoding=\"async\" src=\"https:\/\/modusarchitectes.be\/wp-content\/uploads\/2018\/04\/S1_s\u00e9jour_LQ_web-300x127.jpg\" alt=\"\" width=\"300\" height=\"127\" \/><\/a><\/p>\n<p>Contacter directement Monsieur Deprez<\/p>\n<table style=\"caret-color: #000000; color: #000000; background-color: transparent; border: 0px; margin-top: 42px; margin-bottom: 294px; margin-left: 6px; padding: 0px; outline: 0px; border-spacing: 0px; font-family: Gisha, Tahoma, Arial, Helvetica; font-size: 12px;\" border=\"0\" cellspacing=\"0\" cellpadding=\"0\">\n<tbody style=\"background-color: transparent; border: 0px; font-style: inherit; margin: 0px; padding: 0px; outline: 0px;\">\n<tr style=\"background-color: transparent; border: 0px; font-style: inherit; margin: 0px; padding: 0px; outline: 0px;\">\n<td style=\"background-color: transparent; border-width: 0px 0px 1px; border-bottom-style: solid; border-bottom-color: #bd922a; font-style: inherit; margin: 0px; padding-top: 0px; padding-bottom: 0px; outline: 0px;\">\n<p style=\"margin-top: 4px; margin-bottom: 0px; line-height: 18px; font-size: 14px;\"><strong>\u00a0<\/strong><\/p>\n<p style=\"margin-top: 4px; margin-bottom: 0px; line-height: 18px; font-size: 14px;\"><strong>\u00a0<\/strong><\/p>\n<p style=\"margin-top: 4px; margin-bottom: 0px; line-height: 18px; font-size: 14px;\"><strong style=\"font-style: inherit;\">HOUSE IMMOBILIER<\/strong><\/p>\n<p style=\"margin-bottom: -4px; line-height: 18px;\">Par Xavier Deprez<br \/>\nLicenci\u00e9 en Sciences \u00c9conomiques<br \/>\nIPI 505.506<br \/>\nT\u00e9l. :\u00a0+32 (0) 479 735 233<br \/>\nE-mail :\u00a0<a style=\"border: 0px; font-style: inherit; margin: 0px; padding: 0px; outline: 0px; color: #bd922a;\" href=\"mailto:info@house-immobilier.be\">info@house-immobilier.be<\/a><\/p>\n<p style=\"margin-bottom: 0px; line-height: 18px;\">\n<\/td>\n<\/tr>\n<tr style=\"background-color: transparent; border: 0px; font-style: inherit; margin: 0px; padding: 0px; outline: 0px;\">\n<td style=\"background-color: transparent; border: 0px; font-style: inherit; margin: 0px; padding-top: 0px; padding-bottom: 0px; outline: 0px;\">\n<p style=\"margin-top: 10px; margin-bottom: 0px; line-height: 18px; font-weight: bold; font-size: 13px;\">Heures de contact<\/p>\n<p style=\"margin-bottom: 15px; line-height: 18px;\">Tous les jours de 9h00 \u00e0 20h00 sauf le dimanche<\/p>\n<\/td>\n<\/tr>\n<\/tbody>\n<\/table>\n<p><a role=\"button\" href=\"https:\/\/www.house-immobilier.be\/fr\/\" target=\"_blank\" rel=\"noopener\"><br \/>\nRetour sur le site de l&rsquo;agence<br \/>\n<\/a><\/p>\n","protected":false},"excerpt":{"rendered":"<p>HOUSE IMMOBILIER A vendre A louer Contacter directement Monsieur Deprez A vendre Appartement une chambre \u2013 ref S1 A louer Appartement une chambre \u2013 ref S1 LQ Contacter directement Monsieur Deprez \u00a0 \u00a0 HOUSE IMMOBILIER Par Xavier Deprez Licenci\u00e9 en Sciences \u00c9conomiques IPI 505.506 T\u00e9l. :\u00a0+32 (0) 479 735 233 E-mail :\u00a0info@house-immobilier.be Heures de contact &hellip; <\/p>\n<p class=\"link-more\"><a href=\"https:\/\/modusarchitectes.be\/index.php\/pageprivee-houseimmobilier\/\" class=\"more-link\">Continuer la lecture<span class=\"screen-reader-text\"> de &laquo;&nbsp;Espace priv\u00e9 &#8211; House Immobilier&nbsp;&raquo;<\/span><\/a><\/p>\n","protected":false},"author":1,"featured_media":0,"parent":0,"menu_order":0,"comment_status":"closed","ping_status":"closed","template":"","meta":{"footnotes":""},"_links":{"self":[{"href":"https:\/\/modusarchitectes.be\/index.php\/wp-json\/wp\/v2\/pages\/374"}],"collection":[{"href":"https:\/\/modusarchitectes.be\/index.php\/wp-json\/wp\/v2\/pages"}],"about":[{"href":"https:\/\/modusarchitectes.be\/index.php\/wp-json\/wp\/v2\/types\/page"}],"author":[{"embeddable":true,"href":"https:\/\/modusarchitectes.be\/index.php\/wp-json\/wp\/v2\/users\/1"}],"replies":[{"embeddable":true,"href":"https:\/\/modusarchitectes.be\/index.php\/wp-json\/wp\/v2\/comments?post=374"}],"version-history":[{"count":21,"href":"https:\/\/modusarchitectes.be\/index.php\/wp-json\/wp\/v2\/pages\/374\/revisions"}],"predecessor-version":[{"id":407,"href":"https:\/\/modusarchitectes.be\/index.php\/wp-json\/wp\/v2\/pages\/374\/revisions\/407"}],"wp:attachment":[{"href":"https:\/\/modusarchitectes.be\/index.php\/wp-json\/wp\/v2\/media?parent=374"}],"curies":[{"name":"wp","href":"https:\/\/api.w.org\/{rel}","templated":true}]}}